{"id":4171,"date":"2018-03-02T00:00:11","date_gmt":"2018-03-02T05:00:11","guid":{"rendered":"http:\/\/ktk.ca\/team\/chloe-aube\/"},"modified":"2023-12-12T13:32:41","modified_gmt":"2023-12-12T18:32:41","slug":"chloe-aube","status":"publish","type":"dt_team","link":"https:\/\/ktk.ca\/fr\/equipe\/chloe-aube\/","title":{"rendered":"Chlo\u00e9 Aub\u00e9"},"content":{"rendered":"<p style=\"text-align: justify;\">Chlo\u00e9 s\u2019entra\u00eene avec passion et sans rel\u00e2che. Elle fait partie de l\u2019\u00c9quipe d\u2019\u00e9lites de comp\u00e9tition en tant qu\u2019experte en kata et en combat. Elle participe dans tous les ateliers d\u2019appoint provinciaux et toutes les comp\u00e9titions r\u00e9gionales et provinciales. Chlo\u00e9 est attachante et est aim\u00e9e par tous les \u00e9tudiants. Elle est reconnue pour son leadership, ainsi que ses comp\u00e9tences techniques et p\u00e9dagogiques. Elle est une source d\u2019inspiration pour tous les enfants chez KTK. Elle est \u00e9tudiante universitaire en enseignement primaire et fait maintenant partie de la prestigieuse \u00c9quipe nationale du Canada. Elle a particip\u00e9 au Championnat panam\u00e9ricain \u00e0 Santiago au Chili.<\/p>\n","protected":false},"excerpt":{"rendered":"<p>Chlo\u00e9 s\u2019entra\u00eene avec passion et sans rel\u00e2che. Elle fait partie de l\u2019\u00c9quipe d\u2019\u00e9lites de comp\u00e9tition en tant qu\u2019experte en kata et en combat. Elle participe dans tous les ateliers d\u2019appoint&hellip;<\/p>\n","protected":false},"featured_media":5260,"comment_status":"closed","ping_status":"closed","template":"","dt_team_category":[101,83],"class_list":["post-4171","dt_team","type-dt_team","status-publish","has-post-thumbnail","hentry","dt_team_category-karate-adolescents-fr","dt_team_category-karate-enfants","dt_team_category-101","dt_team_category-83","description-off"],"_links":{"self":[{"href":"https:\/\/ktk.ca\/fr\/wp-json\/wp\/v2\/dt_team\/4171","targetHints":{"allow":["GET"]}}],"collection":[{"href":"https:\/\/ktk.ca\/fr\/wp-json\/wp\/v2\/dt_team"}],"about":[{"href":"https:\/\/ktk.ca\/fr\/wp-json\/wp\/v2\/types\/dt_team"}],"replies":[{"embeddable":true,"href":"https:\/\/ktk.ca\/fr\/wp-json\/wp\/v2\/comments?post=4171"}],"wp:featuredmedia":[{"embeddable":true,"href":"https:\/\/ktk.ca\/fr\/wp-json\/wp\/v2\/media\/5260"}],"wp:attachment":[{"href":"https:\/\/ktk.ca\/fr\/wp-json\/wp\/v2\/media?parent=4171"}],"wp:term":[{"taxonomy":"dt_team_category","embeddable":true,"href":"https:\/\/ktk.ca\/fr\/wp-json\/wp\/v2\/dt_team_category?post=4171"}],"curies":[{"name":"wp","href":"https:\/\/api.w.org\/{rel}","templated":true}]}}